{"id":114,"date":"2010-10-25T23:12:30","date_gmt":"2010-10-25T21:12:30","guid":{"rendered":"http:\/\/www.sb-pottenstein.de\/?page_id=114"},"modified":"2022-08-24T11:20:39","modified_gmt":"2022-08-24T09:20:39","slug":"beichte","status":"publish","type":"page","link":"https:\/\/wp.patrick-pospischil.de\/sbpottenstein\/wie-kann-ich\/beichte\/","title":{"rendered":"Beichte"},"content":{"rendered":"<h2>Beichte, das Fest der Vers\u00f6hnung<\/h2>\n<p>Um das Fest der Vers\u00f6hnung zu feiern gibt es verschiedene M\u00f6glichkeiten.\u00a0Vor den Hochfesten ist die M\u00f6glichkeit bei einem ausw\u00e4rtigen Priester die Vers\u00f6hnung in der Ohrenbeichte zu feiern. Die genauen Termine entnehmen Sie bitte dem Pfarrblatt.<br \/>\nNeben den feststehenden Terminen besteht immer die M\u00f6glichkeit bei Pfarrvikar Dominik Urban 09243\/92130 einen Termin f\u00fcr ein Beichtgespr\u00e4ch auszumachen.<\/p>\n","protected":false},"excerpt":{"rendered":"<p>Beichte, das Fest der Vers\u00f6hnung Um das Fest der Vers\u00f6hnung zu feiern gibt es verschiedene M\u00f6glichkeiten.\u00a0Vor den Hochfesten ist die M\u00f6glichkeit bei einem ausw\u00e4rtigen Priester die Vers\u00f6hnung in der Ohrenbeichte zu feiern. Die genauen Termine entnehmen Sie bitte dem Pfarrblatt. Neben den feststehenden Terminen besteht immer die M\u00f6glichkeit bei Pfarrvikar Dominik Urban 09243\/92130 einen Termin [&hellip;]<\/p>\n","protected":false},"author":1,"featured_media":0,"parent":110,"menu_order":5,"comment_status":"closed","ping_status":"closed","template":"","meta":{"ngg_post_thumbnail":0,"footnotes":""},"class_list":["post-114","page","type-page","status-publish","hentry"],"publishpress_future_action":{"enabled":false,"date":"2026-05-06 02:41:23","action":"change-status","newStatus":"draft","terms":[],"taxonomy":""},"publishpress_future_workflow_manual_trigger":{"enabledWorkflows":[]},"_links":{"self":[{"href":"https:\/\/wp.patrick-pospischil.de\/sbpottenstein\/wp-json\/wp\/v2\/pages\/114","targetHints":{"allow":["GET"]}}],"collection":[{"href":"https:\/\/wp.patrick-pospischil.de\/sbpottenstein\/wp-json\/wp\/v2\/pages"}],"about":[{"href":"https:\/\/wp.patrick-pospischil.de\/sbpottenstein\/wp-json\/wp\/v2\/types\/page"}],"author":[{"embeddable":true,"href":"https:\/\/wp.patrick-pospischil.de\/sbpottenstein\/wp-json\/wp\/v2\/users\/1"}],"replies":[{"embeddable":true,"href":"https:\/\/wp.patrick-pospischil.de\/sbpottenstein\/wp-json\/wp\/v2\/comments?post=114"}],"version-history":[{"count":5,"href":"https:\/\/wp.patrick-pospischil.de\/sbpottenstein\/wp-json\/wp\/v2\/pages\/114\/revisions"}],"predecessor-version":[{"id":3311,"href":"https:\/\/wp.patrick-pospischil.de\/sbpottenstein\/wp-json\/wp\/v2\/pages\/114\/revisions\/3311"}],"up":[{"embeddable":true,"href":"https:\/\/wp.patrick-pospischil.de\/sbpottenstein\/wp-json\/wp\/v2\/pages\/110"}],"wp:attachment":[{"href":"https:\/\/wp.patrick-pospischil.de\/sbpottenstein\/wp-json\/wp\/v2\/media?parent=114"}],"curies":[{"name":"wp","href":"https:\/\/api.w.org\/{rel}","templated":true}]}}